{"id":627,"date":"2014-12-01T07:41:55","date_gmt":"2014-12-01T07:41:55","guid":{"rendered":"http:\/\/www.estudioshistoricos.com\/?page_id=627"},"modified":"2026-01-19T11:56:37","modified_gmt":"2026-01-19T11:56:37","slug":"rosa-maria-guntinas-rodriguez","status":"publish","type":"page","link":"https:\/\/www.estudioshistoricos.com\/?page_id=627","title":{"rendered":"Rosa Mar\u00eda Gunti\u00f1as Rodr\u00edguez"},"content":{"rendered":"\n\n\n<!-- Generated using Document Gallery. Get yours here: http:\/\/wordpress.org\/extend\/plugins\/document-gallery -->\n<div id=\"document-gallery-1\" class=\"document-gallery\" data-shortcode='{\"id\":627,\"include\":\"\",\"exclude\":\"\",\"columns\":4,\"order\":\"DESC\",\"orderby\":\"date\",\"relation\":\"AND\",\"limit\":-1,\"mime_types\":\"application,video,text,audio,image\",\"paginate\":true,\"post_status\":\"any\",\"post_type\":\"attachment\",\"fancy\":false,\"descriptions\":false,\"attachment_pg\":false,\"new_window\":false,\"skip\":0}' style='--dg-icon-width: 24%'>\n<div class='document-icon-row'>\n   <div class=\"document-icon\">\n      <a href=\"https:\/\/www.estudioshistoricos.com\/wp-content\/uploads\/2025\/10\/ambia.pdf\" target=\"_self\">\n         <img decoding=\"async\" src=\"https:\/\/www.estudioshistoricos.com\/wp-content\/uploads\/2025\/10\/ambia-pdf.jpg\" title=\"La presencia de Los Can\u00f3nigos Regulares de S. Agust\u00edn en Xunqueira de Amb\u00eda\" alt=\"La presencia de Los Can\u00f3nigos Regulares de S. Agust\u00edn en Xunqueira de Amb\u00eda\" data-ext=\"pdf\"\/>\n         <span class=\"title\">La presencia de Los Can\u00f3nigos Regulares de S. Agust\u00edn en Xunqueira de Amb\u00eda<\/span>\n      <\/a>\n   <\/div>\n   <div class=\"document-icon\">\n      <a href=\"https:\/\/www.estudioshistoricos.com\/wp-content\/uploads\/2022\/06\/chavaga.pdf\" target=\"_self\">\n         <img decoding=\"async\" src=\"https:\/\/www.estudioshistoricos.com\/wp-content\/uploads\/2022\/06\/chavaga-pdf.jpg\" title=\"San Juan de Chavaga una feligres\u00eda de la Tierra de Lemos a la luz del Catastro de Ensenada\" alt=\"San Juan de Chavaga una feligres\u00eda de la Tierra de Lemos a la luz del Catastro de Ensenada\" data-ext=\"pdf\"\/>\n         <span class=\"title\">San Juan de Chavaga una feligres\u00eda de la Tierra de Lemos a la luz del Catastro de Ensenada<\/span>\n      <\/a>\n   <\/div>\n   <div class=\"document-icon\">\n      <a href=\"https:\/\/www.estudioshistoricos.com\/wp-content\/uploads\/2022\/06\/la_villa_de-monforte_en_la_edad_moderna.pdf\" target=\"_self\">\n         <img decoding=\"async\" src=\"https:\/\/www.estudioshistoricos.com\/wp-content\/uploads\/2022\/06\/la_villa_de-monforte_en_la_edad_moderna-pdf.jpg\" title=\"La villa de Monforte en el contexto de la Tierra de Lemos y de la peregrinaci\u00f3n jacobea en la Edad Moderna\" alt=\"La villa de Monforte en el contexto de la Tierra de Lemos y de la peregrinaci\u00f3n jacobea en la Edad Moderna\" data-ext=\"pdf\"\/>\n         <span class=\"title\">La villa de Monforte en el contexto de la Tierra de Lemos y de la peregrinaci\u00f3n jacobea en la Edad Moderna<\/span>\n      <\/a>\n   <\/div>\n   <div class=\"document-icon\">\n      <a href=\"https:\/\/www.estudioshistoricos.com\/wp-content\/uploads\/2022\/01\/san_pedro_de_valverde.pdf\" target=\"_self\">\n         <img decoding=\"async\" src=\"https:\/\/www.estudioshistoricos.com\/wp-content\/uploads\/2022\/01\/san_pedro_de_valverde-pdf.jpg\" title=\"San Pedro de Valverde una feligres\u00eda-coto de la Tierra de Lemos a la luz del Catastro de Ensenada\" alt=\"San Pedro de Valverde una feligres\u00eda-coto de la Tierra de Lemos a la luz del Catastro de Ensenada\" data-ext=\"pdf\"\/>\n         <span class=\"title\">San Pedro de Valverde una feligres\u00eda-coto de la Tierra de Lemos a la luz del Catastro de Ensenada<\/span>\n      <\/a>\n   <\/div>\n\n<\/div>\n<div class='document-icon-row'>\n   <div class=\"document-icon\">\n      <a href=\"https:\/\/www.estudioshistoricos.com\/wp-content\/uploads\/2021\/11\/san_pedro_de_sindran.pdf\" target=\"_self\">\n         <img decoding=\"async\" src=\"https:\/\/www.estudioshistoricos.com\/wp-content\/uploads\/2021\/11\/san_pedro_de_sindran-pdf.jpg\" title=\"San Pedro de Sindr\u00e1n, una feligres\u00eda coto de la Tierra de Lemos a la luz del Catastro de Ensenada\" alt=\"San Pedro de Sindr\u00e1n, una feligres\u00eda coto de la Tierra de Lemos a la luz del Catastro de Ensenada\" data-ext=\"pdf\"\/>\n         <span class=\"title\">San Pedro de Sindr\u00e1n, una feligres\u00eda coto de la Tierra de Lemos a la luz del Catastro de Ensenada<\/span>\n      <\/a>\n   <\/div>\n   <div class=\"document-icon\">\n      <a href=\"https:\/\/www.estudioshistoricos.com\/wp-content\/uploads\/2021\/09\/martin_de_bascos.pdf\" target=\"_self\">\n         <img decoding=\"async\" src=\"https:\/\/www.estudioshistoricos.com\/wp-content\/uploads\/2021\/09\/martin_de_bascos-pdf.jpg\" title=\"San Mart\u00edn de Basc\u00f3s, una feligres\u00eda de la Tierra de Lemos a la luz del Catastro de Ensenada\" alt=\"San Mart\u00edn de Basc\u00f3s, una feligres\u00eda de la Tierra de Lemos a la luz del Catastro de Ensenada\" data-ext=\"pdf\"\/>\n         <span class=\"title\">San Mart\u00edn de Basc\u00f3s, una feligres\u00eda de la Tierra de Lemos a la luz del Catastro de Ensenada<\/span>\n      <\/a>\n   <\/div>\n   <div class=\"document-icon\">\n      <a href=\"https:\/\/www.estudioshistoricos.com\/wp-content\/uploads\/2021\/08\/la_penela.pdf\" target=\"_self\">\n         <img decoding=\"async\" src=\"https:\/\/www.estudioshistoricos.com\/wp-content\/uploads\/2021\/08\/la_penela-pdf.jpg\" title=\"Santa Mar\u00eda de A Penela, una feligres\u00eda de la Tierra de Lemos a la luz del Catastro de Ensenada\" alt=\"Santa Mar\u00eda de A Penela, una feligres\u00eda de la Tierra de Lemos a la luz del Catastro de Ensenada\" data-ext=\"pdf\"\/>\n         <span class=\"title\">Santa Mar\u00eda de A Penela, una feligres\u00eda de la Tierra de Lemos a la luz del Catastro de Ensenada<\/span>\n      <\/a>\n   <\/div>\n   <div class=\"document-icon\">\n      <a href=\"https:\/\/www.estudioshistoricos.com\/wp-content\/uploads\/2021\/05\/ribas_de_sil.pdf\" target=\"_self\">\n         <img decoding=\"async\" src=\"https:\/\/www.estudioshistoricos.com\/wp-content\/uploads\/2021\/05\/ribas_de_sil-pdf.jpg\" title=\"El Municipio de Ribas de Sil a la luz del Catastro de Ensenada\" alt=\"El Municipio de Ribas de Sil a la luz del Catastro de Ensenada\" data-ext=\"pdf\"\/>\n         <span class=\"title\">El Municipio de Ribas de Sil a la luz del Catastro de Ensenada<\/span>\n      <\/a>\n   <\/div>\n\n<\/div>\n<div class='document-icon-row'>\n   <div class=\"document-icon\">\n      <a href=\"https:\/\/www.estudioshistoricos.com\/wp-content\/uploads\/2021\/03\/quiroga_nalgures.pdf\" target=\"_self\">\n         <img decoding=\"async\" src=\"https:\/\/www.estudioshistoricos.com\/wp-content\/uploads\/2021\/03\/quiroga_nalgures-pdf.jpg\" title=\"El Municipio de Quiroga a la luz del Catastro de Ensenada\" alt=\"El Municipio de Quiroga a la luz del Catastro de Ensenada\" data-ext=\"pdf\"\/>\n         <span class=\"title\">El Municipio de Quiroga a la luz del Catastro de Ensenada<\/span>\n      <\/a>\n   <\/div>\n   <div class=\"document-icon\">\n      <a href=\"https:\/\/www.estudioshistoricos.com\/wp-content\/uploads\/2020\/12\/sistema_social_lemos_luz_catastro_ensenada.pdf\" target=\"_self\">\n         <img decoding=\"async\" src=\"https:\/\/www.estudioshistoricos.com\/wp-content\/uploads\/2020\/12\/sistema_social_lemos_luz_catastro_ensenada-pdf.jpg\" title=\"El sistema social imperante en la tierra de Lemos a la luz del Catastro de Ensenada\" alt=\"El sistema social imperante en la tierra de Lemos a la luz del Catastro de Ensenada\" data-ext=\"pdf\"\/>\n         <span class=\"title\">El sistema social imperante en la tierra de Lemos a la luz del Catastro de Ensenada<\/span>\n      <\/a>\n   <\/div>\n   <div class=\"document-icon\">\n      <a href=\"https:\/\/www.estudioshistoricos.com\/wp-content\/uploads\/2020\/11\/caurel.pdf\" target=\"_self\">\n         <img decoding=\"async\" src=\"https:\/\/www.estudioshistoricos.com\/wp-content\/uploads\/2020\/11\/caurel-pdf.jpg\" title=\"La Jurisdicci\u00f3n real del Caurel a la luz del Catastro de Ensenada\" alt=\"La Jurisdicci\u00f3n real del Caurel a la luz del Catastro de Ensenada\" data-ext=\"pdf\"\/>\n         <span class=\"title\">La Jurisdicci\u00f3n real del Caurel a la luz del Catastro de Ensenada<\/span>\n      <\/a>\n   <\/div>\n   <div class=\"document-icon\">\n      <a href=\"https:\/\/www.estudioshistoricos.com\/wp-content\/uploads\/2020\/07\/juntas_del_reino.pdf\" target=\"_self\">\n         <img decoding=\"async\" src=\"https:\/\/www.estudioshistoricos.com\/wp-content\/uploads\/2020\/07\/juntas_del_reino-pdf.jpg\" title=\"El sistema municipal gallego y el papel protagonizado por las Juntas del Reino: La Casa condal de Lemos y el \u201cB\u00faho gallego\u201d\" alt=\"El sistema municipal gallego y el papel protagonizado por las Juntas del Reino: La Casa condal de Lemos y el \u201cB\u00faho gallego\u201d\" data-ext=\"pdf\"\/>\n         <span class=\"title\">El sistema municipal gallego y el papel protagonizado por las Juntas del Reino: La Casa condal de Lemos y el \u201cB\u00faho gallego\u201d<\/span>\n      <\/a>\n   <\/div>\n\n<\/div>\n<div class='document-icon-row'>\n   <div class=\"document-icon\">\n      <a href=\"https:\/\/www.estudioshistoricos.com\/wp-content\/uploads\/2020\/04\/moreda_valido.pdf\" target=\"_self\">\n         <img decoding=\"async\" src=\"https:\/\/www.estudioshistoricos.com\/wp-content\/uploads\/2020\/04\/moreda_valido-pdf.jpg\" title=\"S. Cipri\u00e1n de A Vide, una feligres\u00eda de la Tierra de Lemos, a la luz del Catastro de Ensenada\" alt=\"S. Cipri\u00e1n de A Vide, una feligres\u00eda de la Tierra de Lemos, a la luz del Catastro de Ensenada\" data-ext=\"pdf\"\/>\n         <span class=\"title\">S. Cipri\u00e1n de A Vide, una feligres\u00eda de la Tierra de Lemos, a la luz del Catastro de Ensenada<\/span>\n      <\/a>\n   <\/div>\n   <div class=\"document-icon\">\n      <a href=\"https:\/\/www.estudioshistoricos.com\/wp-content\/uploads\/2020\/01\/san_ciprian_de_a_vide.pdf\" target=\"_self\">\n         <img decoding=\"async\" src=\"https:\/\/www.estudioshistoricos.com\/wp-content\/uploads\/2020\/01\/san_ciprian_de_a_vide-pdf.jpg\" title=\"S. Cipri\u00e1n de A Vide, una feligres\u00eda de la Tierra de Lemos, a la luz del Catastro de Ensenada\" alt=\"S. Cipri\u00e1n de A Vide, una feligres\u00eda de la Tierra de Lemos, a la luz del Catastro de Ensenada\" data-ext=\"pdf\"\/>\n         <span class=\"title\">S. Cipri\u00e1n de A Vide, una feligres\u00eda de la Tierra de Lemos, a la luz del Catastro de Ensenada<\/span>\n      <\/a>\n   <\/div>\n   <div class=\"document-icon\">\n      <a href=\"https:\/\/www.estudioshistoricos.com\/wp-content\/uploads\/2019\/09\/monforte_a_la_luz_del_catastro_parte2.pdf\" target=\"_self\">\n         <img decoding=\"async\" src=\"https:\/\/www.estudioshistoricos.com\/wp-content\/uploads\/2019\/09\/monforte_a_la_luz_del_catastro_parte2-pdf.jpg\" title=\"La villa de Monforte a la luz del Catastro de Ensenada, un ejemplo de capital de un Estado se\u00f1orial (Parte II)\" alt=\"La villa de Monforte a la luz del Catastro de Ensenada, un ejemplo de capital de un Estado se\u00f1orial (Parte II)\" data-ext=\"pdf\"\/>\n         <span class=\"title\">La villa de Monforte a la luz del Catastro de Ensenada, un ejemplo de capital de un Estado se\u00f1orial (Parte II)<\/span>\n      <\/a>\n   <\/div>\n   <div class=\"document-icon\">\n      <a href=\"https:\/\/www.estudioshistoricos.com\/wp-content\/uploads\/2018\/11\/monforte_a_la_luz_del_catastro.pdf\" target=\"_self\">\n         <img decoding=\"async\" src=\"https:\/\/www.estudioshistoricos.com\/wp-content\/uploads\/2018\/11\/monforte_a_la_luz_del_catastro-pdf.jpg\" title=\"La villa de Monforte a la luz del Catastro de Ensenada, un ejemplo de capital de un Estado se\u00f1orial\" alt=\"La villa de Monforte a la luz del Catastro de Ensenada, un ejemplo de capital de un Estado se\u00f1orial\" data-ext=\"pdf\"\/>\n         <span class=\"title\">La villa de Monforte a la luz del Catastro de Ensenada, un ejemplo de capital de un Estado se\u00f1orial<\/span>\n      <\/a>\n   <\/div>\n\n<\/div>\n<div class='document-icon-row'>\n   <div class=\"document-icon\">\n      <a href=\"https:\/\/www.estudioshistoricos.com\/wp-content\/uploads\/2018\/07\/monte_nalgures.pdf\" target=\"_self\">\n         <img decoding=\"async\" src=\"https:\/\/www.estudioshistoricos.com\/wp-content\/uploads\/2018\/07\/monte_nalgures-pdf.jpg\" title=\"Sta. Marina de O Monte, una feligres\u00eda de la Tierra de Lemos, a la luz del Catastro de Ensenada\" alt=\"Sta. Marina de O Monte, una feligres\u00eda de la Tierra de Lemos, a la luz del Catastro de Ensenada\" data-ext=\"pdf\"\/>\n         <span class=\"title\">Sta. Marina de O Monte, una feligres\u00eda de la Tierra de Lemos, a la luz del Catastro de Ensenada<\/span>\n      <\/a>\n   <\/div>\n   <div class=\"document-icon\">\n      <a href=\"https:\/\/www.estudioshistoricos.com\/wp-content\/uploads\/2018\/05\/sta_eulalia_de_caneda.pdf\" target=\"_self\">\n         <img decoding=\"async\" src=\"https:\/\/www.estudioshistoricos.com\/wp-content\/uploads\/2018\/05\/sta_eulalia_de_caneda-pdf.jpg\" title=\"Sta. Eulalia de Caneda, una feligres\u00eda de la Tierra de Lemos, a la luz del Catastro de Ensenada\" alt=\"Sta. Eulalia de Caneda, una feligres\u00eda de la Tierra de Lemos, a la luz del Catastro de Ensenada\" data-ext=\"pdf\"\/>\n         <span class=\"title\">Sta. Eulalia de Caneda, una feligres\u00eda de la Tierra de Lemos, a la luz del Catastro de Ensenada<\/span>\n      <\/a>\n   <\/div>\n   <div class=\"document-icon\">\n      <a href=\"https:\/\/www.estudioshistoricos.com\/wp-content\/uploads\/2017\/12\/villamarin.pdf\" target=\"_self\">\n         <img decoding=\"async\" src=\"https:\/\/www.estudioshistoricos.com\/wp-content\/plugins\/document-gallery\/src\/assets\/icons\/pdf.png\" title=\"S. Pedro F\u00e9lix de Villamar\u00edn, una feligres\u00eda de la Tierra de Lemos, a la luz del Catastro de Ensenada\" alt=\"S. Pedro F\u00e9lix de Villamar\u00edn, una feligres\u00eda de la Tierra de Lemos, a la luz del Catastro de Ensenada\" data-ext=\"pdf\"\/>\n         <span class=\"title\">S. Pedro F\u00e9lix de Villamar\u00edn, una feligres\u00eda de la Tierra de Lemos, a la luz del Catastro de Ensenada<\/span>\n      <\/a>\n   <\/div>\n   <div class=\"document-icon\">\n      <a href=\"https:\/\/www.estudioshistoricos.com\/wp-content\/uploads\/2014\/12\/rozavales.pdf\" target=\"_self\">\n         <img decoding=\"async\" src=\"https:\/\/www.estudioshistoricos.com\/wp-content\/plugins\/document-gallery\/src\/assets\/icons\/pdf.png\" title=\"Santa Mar\u00eda de Rozavales, una feligres\u00eda de la Tierra de Lemos, a la luz del Catastro de Ensenada\" alt=\"Santa Mar\u00eda de Rozavales, una feligres\u00eda de la Tierra de Lemos, a la luz del Catastro de Ensenada\" data-ext=\"pdf\"\/>\n         <span class=\"title\">Santa Mar\u00eda de Rozavales, una feligres\u00eda de la Tierra de Lemos, a la luz del Catastro de Ensenada<\/span>\n      <\/a>\n   <\/div>\n\n<\/div>\n<div class='document-icon-row'>\n   <div class=\"document-icon\">\n      <a href=\"https:\/\/www.estudioshistoricos.com\/wp-content\/uploads\/2017\/10\/san_mamed_de_vilacha.pdf\" target=\"_self\">\n         <img decoding=\"async\" src=\"https:\/\/www.estudioshistoricos.com\/wp-content\/plugins\/document-gallery\/src\/assets\/icons\/pdf.png\" title=\"San Mamed de Vilach\u00e1, una feligres\u00eda de la Tierra de Lemos, a la luz del Catastro de Ensenada\" alt=\"San Mamed de Vilach\u00e1, una feligres\u00eda de la Tierra de Lemos, a la luz del Catastro de Ensenada\" data-ext=\"pdf\"\/>\n         <span class=\"title\">San Mamed de Vilach\u00e1, una feligres\u00eda de la Tierra de Lemos, a la luz del Catastro de Ensenada<\/span>\n      <\/a>\n   <\/div>\n   <div class=\"document-icon\">\n      <a href=\"https:\/\/www.estudioshistoricos.com\/wp-content\/uploads\/2017\/05\/bodegas_y_lagares.pdf_v2.pdf\" target=\"_self\">\n         <img decoding=\"async\" src=\"https:\/\/www.estudioshistoricos.com\/wp-content\/plugins\/document-gallery\/src\/assets\/icons\/pdf.png\" title=\"Las Bodegas y lagares de S. Mamed de Vilach\u00e1 a la luz del Catastro de Ensenada\" alt=\"Las Bodegas y lagares de S. Mamed de Vilach\u00e1 a la luz del Catastro de Ensenada\" data-ext=\"pdf\"\/>\n         <span class=\"title\">Las Bodegas y lagares de S. Mamed de Vilach\u00e1 a la luz del Catastro de Ensenada<\/span>\n      <\/a>\n   <\/div>\n   <div class=\"document-icon\">\n      <a href=\"https:\/\/www.estudioshistoricos.com\/wp-content\/uploads\/2017\/04\/sistema_impositivo.pdf\" target=\"_self\">\n         <img decoding=\"async\" src=\"https:\/\/www.estudioshistoricos.com\/wp-content\/plugins\/document-gallery\/src\/assets\/icons\/pdf.png\" title=\"El sistema impositivo vigente en la Tierra de Lemos a mediados del Siglo XVIII\" alt=\"El sistema impositivo vigente en la Tierra de Lemos a mediados del Siglo XVIII\" data-ext=\"pdf\"\/>\n         <span class=\"title\">El sistema impositivo vigente en la Tierra de Lemos a mediados del Siglo XVIII<\/span>\n      <\/a>\n   <\/div>\n   <div class=\"document-icon\">\n      <a href=\"https:\/\/www.estudioshistoricos.com\/wp-content\/uploads\/2014\/12\/La_Casa_de_Rubin-Casa_paterna_del_pintor_monfortino_D_Jose_Casanova_Corti\u00f1as.pdf\" target=\"_self\">\n         <img decoding=\"async\" src=\"https:\/\/www.estudioshistoricos.com\/wp-content\/plugins\/document-gallery\/src\/assets\/icons\/pdf.png\" title=\"La Casa de Rub\u00edn-Casa paterna del pintor monfortino D. Jos\u00e9 Casanova Corti\u00f1as\" alt=\"La Casa de Rub\u00edn-Casa paterna del pintor monfortino D. Jos\u00e9 Casanova Corti\u00f1as\" data-ext=\"pdf\"\/>\n         <span class=\"title\">La Casa de Rub\u00edn-Casa paterna del pintor monfortino D. Jos\u00e9 Casanova Corti\u00f1as<\/span>\n      <\/a>\n   <\/div>\n\n<\/div>\n<div class='document-icon-row'>\n   <div class=\"document-icon\">\n      <a href=\"https:\/\/www.estudioshistoricos.com\/wp-content\/uploads\/2014\/12\/La-Jurisdiccion-Real-de-Puebla-y-la-Casa-condal-de-Lemos-en-la-Edad-Moderna.pdf\" target=\"_self\">\n         <img decoding=\"async\" src=\"https:\/\/www.estudioshistoricos.com\/wp-content\/plugins\/document-gallery\/src\/assets\/icons\/pdf.png\" title=\"La Jurisdicci\u00f3n Real de Puebla y la Casa condal de Lemos en la Edad Moderna\" alt=\"La Jurisdicci\u00f3n Real de Puebla y la Casa condal de Lemos en la Edad Moderna\" data-ext=\"pdf\"\/>\n         <span class=\"title\">La Jurisdicci\u00f3n Real de Puebla y la Casa condal de Lemos en la Edad Moderna<\/span>\n      <\/a>\n   <\/div>\n   <div class=\"document-icon\">\n      <a href=\"https:\/\/www.estudioshistoricos.com\/wp-content\/uploads\/2014\/12\/El-espacio-geografico-de-la-tierra-de-Lemos.pdf\" target=\"_self\">\n         <img decoding=\"async\" src=\"https:\/\/www.estudioshistoricos.com\/wp-content\/plugins\/document-gallery\/src\/assets\/icons\/pdf.png\" title=\"El espacio geogr\u00e1fico de la tierra de Lemos\" alt=\"El espacio geogr\u00e1fico de la tierra de Lemos\" data-ext=\"pdf\"\/>\n         <span class=\"title\">El espacio geogr\u00e1fico de la tierra de Lemos<\/span>\n      <\/a>\n   <\/div>\n\n<\/div>\n<\/div>","protected":false},"excerpt":{"rendered":"","protected":false},"author":1,"featured_media":0,"parent":0,"menu_order":0,"comment_status":"closed","ping_status":"closed","template":"","meta":{"footnotes":""},"class_list":["post-627","page","type-page","status-publish","hentry"],"_links":{"self":[{"href":"https:\/\/www.estudioshistoricos.com\/index.php?rest_route=\/wp\/v2\/pages\/627","targetHints":{"allow":["GET"]}}],"collection":[{"href":"https:\/\/www.estudioshistoricos.com\/index.php?rest_route=\/wp\/v2\/pages"}],"about":[{"href":"https:\/\/www.estudioshistoricos.com\/index.php?rest_route=\/wp\/v2\/types\/page"}],"author":[{"embeddable":true,"href":"https:\/\/www.estudioshistoricos.com\/index.php?rest_route=\/wp\/v2\/users\/1"}],"replies":[{"embeddable":true,"href":"https:\/\/www.estudioshistoricos.com\/index.php?rest_route=%2Fwp%2Fv2%2Fcomments&post=627"}],"version-history":[{"count":14,"href":"https:\/\/www.estudioshistoricos.com\/index.php?rest_route=\/wp\/v2\/pages\/627\/revisions"}],"predecessor-version":[{"id":2725,"href":"https:\/\/www.estudioshistoricos.com\/index.php?rest_route=\/wp\/v2\/pages\/627\/revisions\/2725"}],"wp:attachment":[{"href":"https:\/\/www.estudioshistoricos.com\/index.php?rest_route=%2Fwp%2Fv2%2Fmedia&parent=627"}],"curies":[{"name":"wp","href":"https:\/\/api.w.org\/{rel}","templated":true}]}}