{"id":480,"date":"2014-10-29T08:54:43","date_gmt":"2014-10-29T08:54:43","guid":{"rendered":"http:\/\/www.estudioshistoricos.com\/?page_id=480"},"modified":"2014-10-29T08:54:43","modified_gmt":"2014-10-29T08:54:43","slug":"carlos-pereira-martinez","status":"publish","type":"page","link":"https:\/\/www.estudioshistoricos.com\/?page_id=480","title":{"rendered":"Carlos Pereira Mart\u00ednez"},"content":{"rendered":"\n<!-- Generated using Document Gallery. Get yours here: http:\/\/wordpress.org\/extend\/plugins\/document-gallery -->\n<div id=\"document-gallery-1\" class=\"document-gallery\" data-shortcode='{\"id\":480,\"include\":\"\",\"exclude\":\"\",\"columns\":4,\"order\":\"DESC\",\"orderby\":\"date\",\"relation\":\"AND\",\"limit\":-1,\"mime_types\":\"application,video,text,audio,image\",\"paginate\":true,\"post_status\":\"any\",\"post_type\":\"attachment\",\"fancy\":false,\"descriptions\":false,\"attachment_pg\":false,\"new_window\":false,\"skip\":0}' style='--dg-icon-width: 24%'>\n<div class='document-icon-row'>\n   <div class=\"document-icon\">\n      <a href=\"https:\/\/www.estudioshistoricos.com\/wp-content\/uploads\/2014\/10\/cpm_03.pdf\" target=\"_self\">\n         <img decoding=\"async\" src=\"https:\/\/www.estudioshistoricos.com\/wp-content\/plugins\/document-gallery\/src\/assets\/icons\/pdf.png\" title=\"Os mestres da orde do temple nos reinos de Galicia, Le\u00f3n e Castela\" alt=\"Os mestres da orde do temple nos reinos de Galicia, Le\u00f3n e Castela\" data-ext=\"pdf\"\/>\n         <span class=\"title\">Os mestres da orde do temple nos reinos de Galicia, Le\u00f3n e Castela<\/span>\n      <\/a>\n   <\/div>\n   <div class=\"document-icon\">\n      <a href=\"https:\/\/www.estudioshistoricos.com\/wp-content\/uploads\/2014\/10\/cpm_04.pdf\" target=\"_self\">\n         <img decoding=\"async\" src=\"https:\/\/www.estudioshistoricos.com\/wp-content\/plugins\/document-gallery\/src\/assets\/icons\/pdf.png\" title=\"C\u00e9sar Alvajar Di\u00e9guez e o Republicanismo Galego en Europa\" alt=\"C\u00e9sar Alvajar Di\u00e9guez e o Republicanismo Galego en Europa\" data-ext=\"pdf\"\/>\n         <span class=\"title\">C\u00e9sar Alvajar Di\u00e9guez e o Republicanismo Galego en Europa<\/span>\n      <\/a>\n   <\/div>\n   <div class=\"document-icon\">\n      <a href=\"https:\/\/www.estudioshistoricos.com\/wp-content\/uploads\/2014\/10\/cpm_01.pdf\" target=\"_self\">\n         <img decoding=\"async\" src=\"https:\/\/www.estudioshistoricos.com\/wp-content\/plugins\/document-gallery\/src\/assets\/icons\/pdf.png\" title=\"D\u00faas encomendas templarias galegas desco\u00f1ecidas: Lendo e San Sadurni\u00f1o\" alt=\"D\u00faas encomendas templarias galegas desco\u00f1ecidas: Lendo e San Sadurni\u00f1o\" data-ext=\"pdf\"\/>\n         <span class=\"title\">D\u00faas encomendas templarias galegas desco\u00f1ecidas: Lendo e San Sadurni\u00f1o<\/span>\n      <\/a>\n   <\/div>\n   <div class=\"document-icon\">\n      <a href=\"https:\/\/www.estudioshistoricos.com\/wp-content\/uploads\/2014\/10\/cpm_02.pdf\" target=\"_self\">\n         <img decoding=\"async\" src=\"https:\/\/www.estudioshistoricos.com\/wp-content\/plugins\/document-gallery\/src\/assets\/icons\/pdf.png\" title=\"A orde militar de Alcantara na Galiza Mediaval\" alt=\"A orde militar de Alcantara na Galiza Mediaval\" data-ext=\"pdf\"\/>\n         <span class=\"title\">A orde militar de Alcantara na Galiza Mediaval<\/span>\n      <\/a>\n   <\/div>\n\n<\/div>\n<\/div>\n","protected":false},"excerpt":{"rendered":"","protected":false},"author":1,"featured_media":0,"parent":0,"menu_order":0,"comment_status":"closed","ping_status":"closed","template":"","meta":{"footnotes":""},"class_list":["post-480","page","type-page","status-publish","hentry"],"_links":{"self":[{"href":"https:\/\/www.estudioshistoricos.com\/index.php?rest_route=\/wp\/v2\/pages\/480","targetHints":{"allow":["GET"]}}],"collection":[{"href":"https:\/\/www.estudioshistoricos.com\/index.php?rest_route=\/wp\/v2\/pages"}],"about":[{"href":"https:\/\/www.estudioshistoricos.com\/index.php?rest_route=\/wp\/v2\/types\/page"}],"author":[{"embeddable":true,"href":"https:\/\/www.estudioshistoricos.com\/index.php?rest_route=\/wp\/v2\/users\/1"}],"replies":[{"embeddable":true,"href":"https:\/\/www.estudioshistoricos.com\/index.php?rest_route=%2Fwp%2Fv2%2Fcomments&post=480"}],"version-history":[{"count":1,"href":"https:\/\/www.estudioshistoricos.com\/index.php?rest_route=\/wp\/v2\/pages\/480\/revisions"}],"predecessor-version":[{"id":485,"href":"https:\/\/www.estudioshistoricos.com\/index.php?rest_route=\/wp\/v2\/pages\/480\/revisions\/485"}],"wp:attachment":[{"href":"https:\/\/www.estudioshistoricos.com\/index.php?rest_route=%2Fwp%2Fv2%2Fmedia&parent=480"}],"curies":[{"name":"wp","href":"https:\/\/api.w.org\/{rel}","templated":true}]}}