{"id":2390,"date":"2024-01-24T19:07:39","date_gmt":"2024-01-24T19:07:39","guid":{"rendered":"https:\/\/www.estudioshistoricos.com\/?page_id=2390"},"modified":"2026-01-19T11:53:08","modified_gmt":"2026-01-19T11:53:08","slug":"v-javier-garcia-gomez","status":"publish","type":"page","link":"https:\/\/www.estudioshistoricos.com\/?page_id=2390","title":{"rendered":"Javier Garc\u00eda G\u00f3mez"},"content":{"rendered":"\n\n\n<!-- Generated using Document Gallery. Get yours here: http:\/\/wordpress.org\/extend\/plugins\/document-gallery -->\n<div id=\"document-gallery-1\" class=\"document-gallery\" data-shortcode='{\"id\":2390,\"include\":\"\",\"exclude\":\"\",\"columns\":4,\"order\":\"DESC\",\"orderby\":\"date\",\"relation\":\"AND\",\"limit\":-1,\"mime_types\":\"application,video,text,audio,image\",\"paginate\":true,\"post_status\":\"any\",\"post_type\":\"attachment\",\"fancy\":false,\"descriptions\":false,\"attachment_pg\":false,\"new_window\":false,\"skip\":0}' style='--dg-icon-width: 24%'>\n<div class='document-icon-row'>\n   <div class=\"document-icon\">\n      <a href=\"https:\/\/www.estudioshistoricos.com\/wp-content\/uploads\/2026\/01\/javier_garcia_gomez_nalgures_xxiv.pdf\" target=\"_self\">\n         <img decoding=\"async\" src=\"https:\/\/www.estudioshistoricos.com\/wp-content\/uploads\/2026\/01\/javier_garcia_gomez_nalgures_xxiv-pdf.jpg\" title=\"O Mosteiro de Santa Mar\u00eda de Cambre, epicentro das loitas polas rendas e dereitos eclesi\u00e1sticos entre os s\u00e9culos XV e XVI\" alt=\"O Mosteiro de Santa Mar\u00eda de Cambre, epicentro das loitas polas rendas e dereitos eclesi\u00e1sticos entre os s\u00e9culos XV e XVI\" data-ext=\"pdf\"\/>\n         <span class=\"title\">O Mosteiro de Santa Mar\u00eda de Cambre, epicentro das loitas polas rendas e dereitos eclesi\u00e1sticos entre os s\u00e9culos XV e XVI<\/span>\n      <\/a>\n   <\/div>\n   <div class=\"document-icon\">\n      <a href=\"https:\/\/www.estudioshistoricos.com\/wp-content\/uploads\/2025\/01\/o_mosteiro_pravio.pdf\" target=\"_self\">\n         <img decoding=\"async\" src=\"https:\/\/www.estudioshistoricos.com\/wp-content\/uploads\/2025\/01\/o_mosteiro_pravio-pdf.jpg\" title=\"O mosteiro de Pravio (Cambre). Notas e apuntamentos sobre a s\u00faa breve existencia na alta Idade Media.\" alt=\"O mosteiro de Pravio (Cambre). Notas e apuntamentos sobre a s\u00faa breve existencia na alta Idade Media.\" data-ext=\"pdf\"\/>\n         <span class=\"title\">O mosteiro de Pravio (Cambre). Notas e apuntamentos sobre a s\u00faa breve existencia na alta Idade Media.<\/span>\n      <\/a>\n   <\/div>\n   <div class=\"document-icon\">\n      <a href=\"https:\/\/www.estudioshistoricos.com\/wp-content\/uploads\/2024\/01\/figueroa_salazar.pdf\" target=\"_self\">\n         <img decoding=\"async\" src=\"https:\/\/www.estudioshistoricos.com\/wp-content\/uploads\/2024\/01\/figueroa_salazar-pdf.jpg\" title=\"D. Pedro de Castro Figueroa y Salazar. El ascenso al poder de los estamentos nobiliarios emergentes tras el cambio din\u00e1stico de 1700.\" alt=\"D. Pedro de Castro Figueroa y Salazar. El ascenso al poder de los estamentos nobiliarios emergentes tras el cambio din\u00e1stico de 1700.\" data-ext=\"pdf\"\/>\n         <span class=\"title\">D. Pedro de Castro Figueroa y Salazar. El ascenso al poder de los estamentos nobiliarios emergentes tras el cambio din\u00e1stico de 1700.<\/span>\n      <\/a>\n   <\/div>\n   <div class=\"document-icon\">\n      <a href=\"https:\/\/www.estudioshistoricos.com\/wp-content\/uploads\/2024\/01\/capitel_calvario_muxia.pdf\" target=\"_self\">\n         <img decoding=\"async\" src=\"https:\/\/www.estudioshistoricos.com\/wp-content\/uploads\/2024\/01\/capitel_calvario_muxia-pdf.jpg\" title=\"Capitel do Calvario de Santa Mar\u00eda de Mux\u00eda. Paralelismos e semellanzas dun elemento \u00fanico.\" alt=\"Capitel do Calvario de Santa Mar\u00eda de Mux\u00eda. Paralelismos e semellanzas dun elemento \u00fanico.\" data-ext=\"pdf\"\/>\n         <span class=\"title\">Capitel do Calvario de Santa Mar\u00eda de Mux\u00eda. Paralelismos e semellanzas dun elemento \u00fanico.<\/span>\n      <\/a>\n   <\/div>\n\n<\/div>\n<div class='document-icon-row'>\n   <div class=\"document-icon\">\n      <a href=\"https:\/\/www.estudioshistoricos.com\/wp-content\/uploads\/2024\/01\/brives_xvii.pdf\" target=\"_self\">\n         <img decoding=\"async\" src=\"https:\/\/www.estudioshistoricos.com\/wp-content\/uploads\/2024\/01\/brives_xvii-pdf.jpg\" title=\"El priorato de San Cibrao de Bribes en el s. XVIII. Jurisdicci\u00f3n y relaciones socioecon\u00f3micas.\" alt=\"El priorato de San Cibrao de Bribes en el s. XVIII. Jurisdicci\u00f3n y relaciones socioecon\u00f3micas.\" data-ext=\"pdf\"\/>\n         <span class=\"title\">El priorato de San Cibrao de Bribes en el s. XVIII. Jurisdicci\u00f3n y relaciones socioecon\u00f3micas.<\/span>\n      <\/a>\n   <\/div>\n   <div class=\"document-icon\">\n      <a href=\"https:\/\/www.estudioshistoricos.com\/wp-content\/uploads\/2024\/01\/brives_xix_xx.pdf\" target=\"_self\">\n         <img decoding=\"async\" src=\"https:\/\/www.estudioshistoricos.com\/wp-content\/uploads\/2024\/01\/brives_xix_xx-pdf.jpg\" title=\"El priorato de San Cibrao de Bribes en los siglos XIX y XX. Procesos desamortizadores y exclaustraci\u00f3n.\" alt=\"El priorato de San Cibrao de Bribes en los siglos XIX y XX. Procesos desamortizadores y exclaustraci\u00f3n.\" data-ext=\"pdf\"\/>\n         <span class=\"title\">El priorato de San Cibrao de Bribes en los siglos XIX y XX. Procesos desamortizadores y exclaustraci\u00f3n.<\/span>\n      <\/a>\n   <\/div>\n   <div class=\"document-icon\">\n      <a href=\"https:\/\/www.estudioshistoricos.com\/wp-content\/uploads\/2024\/01\/brives_origen.pdf\" target=\"_self\">\n         <img decoding=\"async\" src=\"https:\/\/www.estudioshistoricos.com\/wp-content\/uploads\/2024\/01\/brives_origen-pdf.jpg\" title=\"El monasterio de San Cibrao de Bribes. Origen y asentamiento.\" alt=\"El monasterio de San Cibrao de Bribes. Origen y asentamiento.\" data-ext=\"pdf\"\/>\n         <span class=\"title\">El monasterio de San Cibrao de Bribes. Origen y asentamiento.<\/span>\n      <\/a>\n   <\/div>\n   <div class=\"document-icon\">\n      <a href=\"https:\/\/www.estudioshistoricos.com\/wp-content\/uploads\/2024\/01\/brives_edad_moderna.pdf\" target=\"_self\">\n         <img decoding=\"async\" src=\"https:\/\/www.estudioshistoricos.com\/wp-content\/uploads\/2024\/01\/brives_edad_moderna-pdf.jpg\" title=\"El priorato de San Cibrao de Bribes en la Edad Moderna.\" alt=\"El priorato de San Cibrao de Bribes en la Edad Moderna.\" data-ext=\"pdf\"\/>\n         <span class=\"title\">El priorato de San Cibrao de Bribes en la Edad Moderna.<\/span>\n      <\/a>\n   <\/div>\n\n<\/div>\n<div class='document-icon-row'>\n   <div class=\"document-icon\">\n      <a href=\"https:\/\/www.estudioshistoricos.com\/wp-content\/uploads\/2024\/01\/brives_antiguo_regimen.pdf\" target=\"_self\">\n         <img decoding=\"async\" src=\"https:\/\/www.estudioshistoricos.com\/wp-content\/uploads\/2024\/01\/brives_antiguo_regimen-pdf.jpg\" title=\"El priorato de San Cibrao de Bribes al final del Antiguo R\u00e9gimen. Arquitectura, manifestaciones art\u00edsticas y sociedad.\" alt=\"El priorato de San Cibrao de Bribes al final del Antiguo R\u00e9gimen. Arquitectura, manifestaciones art\u00edsticas y sociedad.\" data-ext=\"pdf\"\/>\n         <span class=\"title\">El priorato de San Cibrao de Bribes al final del Antiguo R\u00e9gimen. Arquitectura, manifestaciones art\u00edsticas y sociedad.<\/span>\n      <\/a>\n   <\/div>\n\n<\/div>\n<\/div>","protected":false},"excerpt":{"rendered":"","protected":false},"author":1,"featured_media":0,"parent":0,"menu_order":0,"comment_status":"closed","ping_status":"closed","template":"","meta":{"footnotes":""},"class_list":["post-2390","page","type-page","status-publish","hentry"],"_links":{"self":[{"href":"https:\/\/www.estudioshistoricos.com\/index.php?rest_route=\/wp\/v2\/pages\/2390","targetHints":{"allow":["GET"]}}],"collection":[{"href":"https:\/\/www.estudioshistoricos.com\/index.php?rest_route=\/wp\/v2\/pages"}],"about":[{"href":"https:\/\/www.estudioshistoricos.com\/index.php?rest_route=\/wp\/v2\/types\/page"}],"author":[{"embeddable":true,"href":"https:\/\/www.estudioshistoricos.com\/index.php?rest_route=\/wp\/v2\/users\/1"}],"replies":[{"embeddable":true,"href":"https:\/\/www.estudioshistoricos.com\/index.php?rest_route=%2Fwp%2Fv2%2Fcomments&post=2390"}],"version-history":[{"count":5,"href":"https:\/\/www.estudioshistoricos.com\/index.php?rest_route=\/wp\/v2\/pages\/2390\/revisions"}],"predecessor-version":[{"id":2721,"href":"https:\/\/www.estudioshistoricos.com\/index.php?rest_route=\/wp\/v2\/pages\/2390\/revisions\/2721"}],"wp:attachment":[{"href":"https:\/\/www.estudioshistoricos.com\/index.php?rest_route=%2Fwp%2Fv2%2Fmedia&parent=2390"}],"curies":[{"name":"wp","href":"https:\/\/api.w.org\/{rel}","templated":true}]}}